{"id":809,"date":"2025-07-09T10:32:01","date_gmt":"2025-07-09T10:32:01","guid":{"rendered":"http:\/\/esuder.uem.mz\/?page_id=809"},"modified":"2026-02-10T06:48:01","modified_gmt":"2026-02-10T06:48:01","slug":"licenciatura-em-economia-agraria","status":"publish","type":"page","link":"https:\/\/esuder.uem.mz\/index.php\/licenciatura-em-economia-agraria\/","title":{"rendered":"Licenciatura em Economia Agr\u00e1ria"},"content":{"rendered":"\t\t<div data-elementor-type=\"wp-page\" data-elementor-id=\"809\" class=\"elementor elementor-809\" data-elementor-post-type=\"page\">\n\t\t\t\t<div class=\"elementor-element elementor-element-06b7181 e-flex e-con-boxed e-con e-parent\" data-id=\"06b7181\" data-element_type=\"container\">\n\t\t\t\t\t<div class=\"e-con-inner\">\n\t\t\t\t<div class=\"elementor-element elementor-element-03563d2 elementor-widget elementor-widget-text-editor\" data-id=\"03563d2\" data-element_type=\"widget\" data-widget_type=\"text-editor.default\">\n\t\t\t\t<div class=\"elementor-widget-container\">\n\t\t\t\t\t\t\t\t\t<p><b>Licenciatura em Economia Agraria<\/b><\/p>\t\t\t\t\t\t\t\t<\/div>\n\t\t\t\t<\/div>\n\t\t\t\t\t<\/div>\n\t\t\t\t<\/div>\n\t\t<div class=\"elementor-element elementor-element-e094095 e-flex e-con-boxed e-con e-parent\" data-id=\"e094095\" data-element_type=\"container\">\n\t\t\t\t\t<div class=\"e-con-inner\">\n\t\t\t\t<div class=\"elementor-element elementor-element-02a47bc elementor-widget elementor-widget-text-editor\" data-id=\"02a47bc\" data-element_type=\"widget\" data-widget_type=\"text-editor.default\">\n\t\t\t\t<div class=\"elementor-widget-container\">\n\t\t\t\t\t\t\t\t\t<p>O Curso de Licenciatura em Economia Agraria responde \u00e0s necessidades do mercado de trabalho, conforme a&nbsp;<span style=\"font-style: inherit; font-weight: inherit;\">ausculta\u00e7\u00e3o dos empregadores, bem como refor\u00e7a a capacidade nacional em&nbsp;<\/span><span style=\"font-style: inherit; font-weight: inherit;\">desenvolvimento rural, inclus\u00e3o e soberania no sector agr\u00e1rio, alinhando-se com a&nbsp;<\/span><span style=\"font-style: inherit; font-weight: inherit;\">Constitui\u00e7\u00e3o da Rep\u00fablica de Mo\u00e7ambique, que definiu a agricultura como a base de&nbsp;<\/span><span style=\"font-style: inherit; font-weight: inherit;\">desenvolvimento (art. 103, CRM, 2004); Plano Estrat\u00e9gico de Desenvolvimento do Sector&nbsp;<\/span><span style=\"font-style: inherit; font-weight: inherit;\">Agr\u00e1rio (PEDSA 2022-2030), a Agenda 2030 e Estrat\u00e9gia Nacional de Desenvolvimento&nbsp;<\/span><span style=\"font-style: inherit; font-weight: inherit;\">(2025-2044).&nbsp;<\/span><span style=\"font-style: inherit; font-weight: inherit;\">Este sector contribui com cerca de 25% para o PIB e emprega cerca de 70% da popula\u00e7\u00e3o.&nbsp;<\/span><span style=\"font-style: inherit; font-weight: inherit;\">Neste contexto, o Curso de&nbsp;<\/span><span style=\"font-size: 1rem;\">Licenciatura em Economia Agraria<\/span><span style=\"font-size: 1rem;\">&nbsp;<\/span><span style=\"font-style: inherit; font-weight: inherit;\">&nbsp;pretende formar licenciados que saibam identificar&nbsp;<\/span><span style=\"font-style: inherit; font-weight: inherit;\">problemas econ\u00f3micos e realizar a investiga\u00e7\u00e3o cient\u00edfica e tecnol\u00f3gica para a solu\u00e7\u00e3o de&nbsp;<\/span><span style=\"font-style: inherit; font-weight: inherit;\">problemas econ\u00f3micos concretos ligados \u00e0 agricultura e participar de forma activa na&nbsp;<\/span><span style=\"font-style: inherit; font-weight: inherit;\">cadeia de valor dos produtos agr\u00e1rios, contribuindo para a redu\u00e7\u00e3o da pobreza<\/span><\/p>\t\t\t\t\t\t\t\t<\/div>\n\t\t\t\t<\/div>\n\t\t\t\t\t<\/div>\n\t\t\t\t<\/div>\n\t\t<div class=\"elementor-element elementor-element-4007cb9 e-flex e-con-boxed e-con e-parent\" data-id=\"4007cb9\" data-element_type=\"container\">\n\t\t\t\t\t<div class=\"e-con-inner\">\n\t\t\t\t<div class=\"elementor-element elementor-element-77ef583 elementor-widget elementor-widget-heading\" data-id=\"77ef583\" data-element_type=\"widget\" data-widget_type=\"heading.default\">\n\t\t\t\t<div class=\"elementor-widget-container\">\n\t\t\t\t\t<h2 class=\"elementor-heading-title elementor-size-default\"><b>Objectivo do c<\/b>urso<\/h2>\t\t\t\t<\/div>\n\t\t\t\t<\/div>\n\t\t\t\t\t<\/div>\n\t\t\t\t<\/div>\n\t\t<div class=\"elementor-element elementor-element-fe76297 e-flex e-con-boxed e-con e-parent\" data-id=\"fe76297\" data-element_type=\"container\">\n\t\t\t\t\t<div class=\"e-con-inner\">\n\t\t\t\t<div class=\"elementor-element elementor-element-8baaf8b elementor-widget elementor-widget-text-editor\" data-id=\"8baaf8b\" data-element_type=\"widget\" data-widget_type=\"text-editor.default\">\n\t\t\t\t<div class=\"elementor-widget-container\">\n\t\t\t\t\t\t\t\t\t<p>Formar licenciados em Economia Agr\u00e1ria capazes de identificar e resolver problemas de desenvolvimento socioecon\u00f3mico das comunidades rurais, contribuindo, deste modo, para a redu\u00e7\u00e3o da pobreza e promo\u00e7\u00e3o do desenvolvimento rural em Mo\u00e7ambique e na regi\u00e3o austral de \u00c1frica.<\/p><p>\u2022 Capacitar os estudantes em an\u00e1lises de cadeias de valor dos produtos agr\u00e1rios e insumos;\u00a0<\/p><p>\u00a0\u2022 Habilitar os estudantes para a concep\u00e7\u00e3o de projectos de agro-neg\u00f3cios obedecendo os indicadores de rentabilidade;\u00a0<\/p><p>\u00a0\u2022 Treinar os estudantes sobre mat\u00e9rias de planos de produ\u00e7\u00e3o no sector agr\u00e1rio;<\/p><p>\u00a0\u2022 Contribuir para o incremento de uso de pr\u00e1ticas sustent\u00e1veis de produ\u00e7\u00e3o para o desenvolvimento socioecon\u00f3mico das comunidades rurais;\u00a0<\/p><p>\u00a0\u2022 Promover o uso das TICs no processo de produ\u00e7\u00e3o e comercializa\u00e7\u00e3o de produtos e insumos agr\u00e1rios.\u00a0\u00a0<\/p>\t\t\t\t\t\t\t\t<\/div>\n\t\t\t\t<\/div>\n\t\t\t\t\t<\/div>\n\t\t\t\t<\/div>\n\t\t<div class=\"elementor-element elementor-element-58c2b2c e-flex e-con-boxed e-con e-parent\" data-id=\"58c2b2c\" data-element_type=\"container\">\n\t\t\t\t\t<div class=\"e-con-inner\">\n\t\t\t\t<div class=\"elementor-element elementor-element-45e1e70 elementor-widget elementor-widget-heading\" data-id=\"45e1e70\" data-element_type=\"widget\" data-widget_type=\"heading.default\">\n\t\t\t\t<div class=\"elementor-widget-container\">\n\t\t\t\t\t<h2 class=\"elementor-heading-title elementor-size-default\"><b>Perfil do Graduado<\/b><\/h2>\t\t\t\t<\/div>\n\t\t\t\t<\/div>\n\t\t\t\t\t<\/div>\n\t\t\t\t<\/div>\n\t\t<div class=\"elementor-element elementor-element-73ffedb e-flex e-con-boxed e-con e-parent\" data-id=\"73ffedb\" data-element_type=\"container\">\n\t\t\t\t\t<div class=\"e-con-inner\">\n\t\t\t\t<div class=\"elementor-element elementor-element-af7432b elementor-widget elementor-widget-text-editor\" data-id=\"af7432b\" data-element_type=\"widget\" data-widget_type=\"text-editor.default\">\n\t\t\t\t<div class=\"elementor-widget-container\">\n\t\t\t\t\t\t\t\t\t<p>De modo a dar resposta \u00e0s necessidades dos diferentes sectores da economia, o graduado do Curso de&nbsp;<span style=\"font-size: 1rem;\">Licenciatura em Economia Agraria<\/span><span style=\"font-style: inherit; font-weight: inherit;\">&nbsp;pode trabalhar em institui\u00e7\u00f5es p\u00fablicas e privadas de cria\u00e7\u00e3o, gest\u00e3o e fomento de agro-neg\u00f3cios, uso sustent\u00e1vel de recursos naturais, comercializa\u00e7\u00e3o agr\u00e1ria e mercados rurais, finan\u00e7as rurais, planifica\u00e7\u00e3o e desenvolvimento rural e outras \u00e1reas relacionadas.<\/span><\/p>\t\t\t\t\t\t\t\t<\/div>\n\t\t\t\t<\/div>\n\t\t\t\t\t<\/div>\n\t\t\t\t<\/div>\n\t\t<div class=\"elementor-element elementor-element-8bf813b e-flex e-con-boxed e-con e-parent\" data-id=\"8bf813b\" data-element_type=\"container\">\n\t\t\t\t\t<div class=\"e-con-inner\">\n\t\t\t\t<div class=\"elementor-element elementor-element-80d553d elementor-widget elementor-widget-heading\" data-id=\"80d553d\" data-element_type=\"widget\" data-widget_type=\"heading.default\">\n\t\t\t\t<div class=\"elementor-widget-container\">\n\t\t\t\t\t<h2 class=\"elementor-heading-title elementor-size-default\"><b>Perfil Profissional d<\/b>o Graduado<\/h2>\t\t\t\t<\/div>\n\t\t\t\t<\/div>\n\t\t\t\t\t<\/div>\n\t\t\t\t<\/div>\n\t\t<div class=\"elementor-element elementor-element-72a1953 e-flex e-con-boxed e-con e-parent\" data-id=\"72a1953\" data-element_type=\"container\">\n\t\t\t\t\t<div class=\"e-con-inner\">\n\t\t\t\t<div class=\"elementor-element elementor-element-cea4548 elementor-widget elementor-widget-text-editor\" data-id=\"cea4548\" data-element_type=\"widget\" data-widget_type=\"text-editor.default\">\n\t\t\t\t<div class=\"elementor-widget-container\">\n\t\t\t\t\t\t\t\t\t<p>Para que o graduado se insira nas \u00e1reas ocupacionais, dever\u00e1 possuir&nbsp;<span style=\"font-style: inherit; font-weight: inherit;\">tr\u00eas perfis, nomeadamente: saber (conhecer); saber fazer e; saber ser.<\/span><\/p><p><span style=\"font-style: inherit; font-weight: inherit;\"><br><\/span><\/p>\n<p>No dom\u00ednio de<b> saber<\/b>, o graduado deve:<\/p><p><span style=\"font-style: inherit; font-weight: inherit;\">&nbsp;<\/span><\/p>\n<p>\u2022 Dominar os conhecimentos da metodologia cient\u00edfica na identifica\u00e7\u00e3o e resolu\u00e7\u00e3o&nbsp;<span style=\"font-style: inherit; font-weight: inherit;\">de problemas econ\u00f3micos no sector agr\u00e1rio;<\/span><\/p>\n<p>\u2022 Seleccionar os projectos de investimento do sector agr\u00e1rio adequados \u00e0 realidade das comunidades locais; <br>\u2022 Dominar os m\u00e9todos e as t\u00e9cnicas de administra\u00e7\u00e3o e gest\u00e3o direccionados ao desenvolvimento do sector agr\u00e1rio; <br>\u2022 Ter dom\u00ednio das ac\u00e7\u00f5es de produ\u00e7\u00e3o, considerando os recursos dispon\u00edveis e sua utiliza\u00e7\u00e3o racional; <br>\u2022 Dominar as pol\u00edticas relevantes do sector agr\u00e1rio e influenciar o processo de tomada de decis\u00e3o sobre as mesmas.<\/p><p><span style=\"font-style: inherit; font-weight: inherit;\">&nbsp;<\/span><\/p><p><span style=\"font-style: inherit; font-weight: inherit;\">Na \u00e1rea de <\/span><b style=\"font-style: inherit;\">saber fazer<\/b><span style=\"font-style: inherit; font-weight: inherit;\">, o graduado deve:<\/span><span style=\"font-style: inherit; font-weight: inherit;\">&nbsp;<\/span><\/p><p><span style=\"font-style: inherit; font-weight: inherit;\"><br><\/span><\/p>\n<p>\u2022 Avaliar os custos e rendimentos associados \u00e0s actividades agr\u00e1rias; <br>\u2022 Avaliar as alternativas econ\u00f3micas de produ\u00e7\u00e3o agr\u00e1ria familiar, empresarial e cooperativa; <br>\u2022 Administrar a produ\u00e7\u00e3o agr\u00e1ria, tendo em conta os aspectos econ\u00f3micos, financeiros e de sustentabilidade; <br>\u2022 Interpretar e interligar os princ\u00edpios de sustentabilidade na an\u00e1lise de pol\u00edticas agr\u00e1rias nos n\u00edveis local, nacional e regional; <br>\u2022 Interpretar correctamente os sinais de mercados financeiros, de produtos e insumos ao n\u00edvel local, nacional, regional e internacional. <\/p><p><br><\/p>\n<p>Na \u00e1rea de <b>saber ser<\/b>, o graduado deve:<span style=\"font-style: inherit; font-weight: inherit;\">&nbsp;<\/span><\/p><p><span style=\"font-style: inherit; font-weight: inherit;\"><br><\/span><\/p>\n<p>\u2022 Ter capacidade de trabalhar em equipa, em tarefas multidisciplinares; <br>\u2022 Raciocinar de forma l\u00f3gica e apresentar argumentos fundamentados; <br>\u2022 Ter um esp\u00edrito inovador e empreendedor; <br>\u2022 Ter autonomia intelectual, de lideran\u00e7a na tomada de decis\u00f5es e assun\u00e7\u00e3o de riscos; <br>\u2022 Respeitar os princ\u00edpios e normas de \u00e9tica profissional<\/p>\t\t\t\t\t\t\t\t<\/div>\n\t\t\t\t<\/div>\n\t\t\t\t\t<\/div>\n\t\t\t\t<\/div>\n\t\t<div class=\"elementor-element elementor-element-5500726 e-flex e-con-boxed e-con e-parent\" data-id=\"5500726\" data-element_type=\"container\">\n\t\t\t\t\t<div class=\"e-con-inner\">\n\t\t\t\t<div class=\"elementor-element elementor-element-59bbe5b elementor-widget elementor-widget-heading\" data-id=\"59bbe5b\" data-element_type=\"widget\" data-widget_type=\"heading.default\">\n\t\t\t\t<div class=\"elementor-widget-container\">\n\t\t\t\t\t<h2 class=\"elementor-heading-title elementor-size-default\">Dura<span style=\"text-align: justify\">\u00e7\u00e3o<\/span><\/h2>\t\t\t\t<\/div>\n\t\t\t\t<\/div>\n\t\t\t\t\t<\/div>\n\t\t\t\t<\/div>\n\t\t<div class=\"elementor-element elementor-element-7b682fb e-flex e-con-boxed e-con e-parent\" data-id=\"7b682fb\" data-element_type=\"container\">\n\t\t\t\t\t<div class=\"e-con-inner\">\n\t\t\t\t<div class=\"elementor-element elementor-element-616b2d1 elementor-widget elementor-widget-text-editor\" data-id=\"616b2d1\" data-element_type=\"widget\" data-widget_type=\"text-editor.default\">\n\t\t\t\t<div class=\"elementor-widget-container\">\n\t\t\t\t\t\t\t\t\t<p>4 anos<\/p>\t\t\t\t\t\t\t\t<\/div>\n\t\t\t\t<\/div>\n\t\t\t\t\t<\/div>\n\t\t\t\t<\/div>\n\t\t\t\t<\/div>\n\t\t","protected":false},"excerpt":{"rendered":"<p>Licenciatura em Economia Agraria O Curso de Licenciatura em Economia Agraria responde \u00e0s necessidades do mercado de trabalho, conforme a&nbsp;ausculta\u00e7\u00e3o [&hellip;]<\/p>\n","protected":false},"author":1,"featured_media":0,"parent":0,"menu_order":0,"comment_status":"closed","ping_status":"closed","template":"","meta":{"site-sidebar-layout":"no-sidebar","site-content-layout":"","ast-site-content-layout":"full-width-container","site-content-style":"default","site-sidebar-style":"default","ast-global-header-display":"","ast-banner-title-visibility":"","ast-main-header-display":"","ast-hfb-above-header-display":"","ast-hfb-below-header-display":"","ast-hfb-mobile-header-display":"","site-post-title":"disabled","ast-breadcrumbs-content":"","ast-featured-img":"disabled","footer-sml-layout":"","theme-transparent-header-meta":"","adv-header-id-meta":"","stick-header-meta":"","header-above-stick-meta":"","header-main-stick-meta":"","header-below-stick-meta":"","astra-migrate-meta-layouts":"default","ast-page-background-enabled":"default","ast-page-background-meta":{"desktop":{"background-color":"var(--ast-global-color-4)","background-image":"","background-repeat":"repeat","background-position":"center center","background-size":"auto","background-attachment":"scroll","background-type":"","background-media":"","overlay-type":"","overlay-color":"","overlay-opacity":"","overlay-gradient":""},"tablet":{"background-color":"","background-image":"","background-repeat":"repeat","background-position":"center center","background-size":"auto","background-attachment":"scroll","background-type":"","background-media":"","overlay-type":"","overlay-color":"","overlay-opacity":"","overlay-gradient":""},"mobile":{"background-color":"","background-image":"","background-repeat":"repeat","background-position":"center center","background-size":"auto","background-attachment":"scroll","background-type":"","background-media":"","overlay-type":"","overlay-color":"","overlay-opacity":"","overlay-gradient":""}},"ast-content-background-meta":{"desktop":{"background-color":"var(--ast-global-color-5)","background-image":"","background-repeat":"repeat","background-position":"center center","background-size":"auto","background-attachment":"scroll","background-type":"","background-media":"","overlay-type":"","overlay-color":"","overlay-opacity":"","overlay-gradient":""},"tablet":{"background-color":"var(--ast-global-color-5)","background-image":"","background-repeat":"repeat","background-position":"center center","background-size":"auto","background-attachment":"scroll","background-type":"","background-media":"","overlay-type":"","overlay-color":"","overlay-opacity":"","overlay-gradient":""},"mobile":{"background-color":"var(--ast-global-color-5)","background-image":"","background-repeat":"repeat","background-position":"center center","background-size":"auto","background-attachment":"scroll","background-type":"","background-media":"","overlay-type":"","overlay-color":"","overlay-opacity":"","overlay-gradient":""}},"footnotes":""},"class_list":["post-809","page","type-page","status-publish","hentry"],"_links":{"self":[{"href":"https:\/\/esuder.uem.mz\/index.php\/wp-json\/wp\/v2\/pages\/809","targetHints":{"allow":["GET"]}}],"collection":[{"href":"https:\/\/esuder.uem.mz\/index.php\/wp-json\/wp\/v2\/pages"}],"about":[{"href":"https:\/\/esuder.uem.mz\/index.php\/wp-json\/wp\/v2\/types\/page"}],"author":[{"embeddable":true,"href":"https:\/\/esuder.uem.mz\/index.php\/wp-json\/wp\/v2\/users\/1"}],"replies":[{"embeddable":true,"href":"https:\/\/esuder.uem.mz\/index.php\/wp-json\/wp\/v2\/comments?post=809"}],"version-history":[{"count":43,"href":"https:\/\/esuder.uem.mz\/index.php\/wp-json\/wp\/v2\/pages\/809\/revisions"}],"predecessor-version":[{"id":1355,"href":"https:\/\/esuder.uem.mz\/index.php\/wp-json\/wp\/v2\/pages\/809\/revisions\/1355"}],"wp:attachment":[{"href":"https:\/\/esuder.uem.mz\/index.php\/wp-json\/wp\/v2\/media?parent=809"}],"curies":[{"name":"wp","href":"https:\/\/api.w.org\/{rel}","templated":true}]}}