{"id":807,"date":"2025-07-09T10:31:54","date_gmt":"2025-07-09T10:31:54","guid":{"rendered":"http:\/\/esuder.uem.mz\/?page_id=807"},"modified":"2026-02-18T07:27:54","modified_gmt":"2026-02-18T07:27:54","slug":"licenciatura-em-engenharia-rural","status":"publish","type":"page","link":"https:\/\/esuder.uem.mz\/index.php\/licenciatura-em-engenharia-rural\/","title":{"rendered":"Licenciatura em Engenharia Rural"},"content":{"rendered":"\t\t<div data-elementor-type=\"wp-page\" data-elementor-id=\"807\" class=\"elementor elementor-807\" data-elementor-post-type=\"page\">\n\t\t\t\t<div class=\"elementor-element elementor-element-f6a8ddd e-flex e-con-boxed e-con e-parent\" data-id=\"f6a8ddd\" data-element_type=\"container\">\n\t\t\t\t\t<div class=\"e-con-inner\">\n\t\t\t\t<div class=\"elementor-element elementor-element-49beee6 elementor-widget elementor-widget-text-editor\" data-id=\"49beee6\" data-element_type=\"widget\" data-widget_type=\"text-editor.default\">\n\t\t\t\t<div class=\"elementor-widget-container\">\n\t\t\t\t\t\t\t\t\t<p><b>Licenciatura em Engenharia Rural<\/b><\/p>\t\t\t\t\t\t\t\t<\/div>\n\t\t\t\t<\/div>\n\t\t\t\t\t<\/div>\n\t\t\t\t<\/div>\n\t\t<div class=\"elementor-element elementor-element-dc4caba e-flex e-con-boxed e-con e-parent\" data-id=\"dc4caba\" data-element_type=\"container\">\n\t\t\t\t\t<div class=\"e-con-inner\">\n\t\t\t\t<div class=\"elementor-element elementor-element-250afa8 elementor-widget elementor-widget-text-editor\" data-id=\"250afa8\" data-element_type=\"widget\" data-widget_type=\"text-editor.default\">\n\t\t\t\t<div class=\"elementor-widget-container\">\n\t\t\t\t\t\t\t\t\t<p>O Curso de Licenciatura em Engeharia Civil tem como ponto forte, entre outros, a habilita\u00e7\u00e3o do graduado em conhecimentos pr\u00e1ticos, aplic\u00e1veis para a materializa\u00e7\u00e3o dos programas que visam alcan\u00e7ar os objectivos estrat\u00e9gicos do sector agr\u00e1rio em Mo\u00e7ambique (PEDSA 2022-2030; ENDE 2025-2044), nos seguintes dom\u00ednios: (i) investiga\u00e7\u00e3o agr\u00e1ria: elabora\u00e7\u00e3o de pesquisas para melhorar a disponibilidade da informa\u00e7\u00e3o sobre a qualidade de solos e \u00e1gua; aumento da disponibilidade de pacotes tecnol\u00f3gicos para v\u00e1rias cadeias de valor e zonas agro-ecol\u00f3gicas; desenvolvimento e disponibiliza\u00e7\u00e3o de tecnologias melhoradas para armazenamento de produtos das cadeias de valor estrat\u00e9gicos; (ii) extens\u00e3o agr\u00e1ria: transfer\u00eancia de tecnologias agr\u00e1rias aos produtores; (iii) mecaniza\u00e7\u00e3o agr\u00e1ria: promover o uso da trac\u00e7\u00e3o animal e de equipamentos tractorizados ao longo das cadeias de valor estrat\u00e9gicas; (iv) irriga\u00e7\u00e3o: constru\u00e7\u00e3o e reabilita\u00e7\u00e3o de sistemas de irriga\u00e7\u00e3o; fortalecimento da gest\u00e3o; operacionaliza\u00e7\u00e3o dos sistemas de irriga\u00e7\u00e3o com o uso sustent\u00e1vel de \u00e1gua da rega; expans\u00e3o do uso de tecnologias sustent\u00e1veis de irriga\u00e7\u00e3o de baixo custo; (v) gest\u00e3o sustent\u00e1vel de recursos naturais: promo\u00e7\u00e3o do uso de pr\u00e1ticas agr\u00e1rias e energias renov\u00e1veis de baixo carbono e redu\u00e7\u00e3o de emiss\u00f5es de gases de efeito de estufa; georreferenciamento e planeamento produtivo; (vi) agroneg\u00f3cios: implanta\u00e7\u00e3o e reabilita\u00e7\u00e3o de estradas rurais estrat\u00e9gicas para o sector agr\u00e1rio; (v) infra-estruturas: promover o acesso \u00e0s infra-estruturas de produ\u00e7\u00e3o de qualidade.<\/p>\t\t\t\t\t\t\t\t<\/div>\n\t\t\t\t<\/div>\n\t\t\t\t\t<\/div>\n\t\t\t\t<\/div>\n\t\t<div class=\"elementor-element elementor-element-76f2e96 e-flex e-con-boxed e-con e-parent\" data-id=\"76f2e96\" data-element_type=\"container\">\n\t\t\t\t\t<div class=\"e-con-inner\">\n\t\t\t\t<div class=\"elementor-element elementor-element-8d829f7 elementor-widget elementor-widget-heading\" data-id=\"8d829f7\" data-element_type=\"widget\" data-widget_type=\"heading.default\">\n\t\t\t\t<div class=\"elementor-widget-container\">\n\t\t\t\t\t<h2 class=\"elementor-heading-title elementor-size-default\">Objectivos do curso<\/h2>\t\t\t\t<\/div>\n\t\t\t\t<\/div>\n\t\t\t\t\t<\/div>\n\t\t\t\t<\/div>\n\t\t<div class=\"elementor-element elementor-element-d5d2de6 e-flex e-con-boxed e-con e-parent\" data-id=\"d5d2de6\" data-element_type=\"container\">\n\t\t\t\t\t<div class=\"e-con-inner\">\n\t\t\t\t<div class=\"elementor-element elementor-element-844641d elementor-widget elementor-widget-text-editor\" data-id=\"844641d\" data-element_type=\"widget\" data-widget_type=\"text-editor.default\">\n\t\t\t\t<div class=\"elementor-widget-container\">\n\t\t\t\t\t\t\t\t\t<p>Formar licenciados, dotados de conhecimentos e t\u00e9cnicas capazes de solucionar problemas nas zonas\u00a0<span style=\"font-style: inherit; font-weight: inherit;\">, relacionados com sistemas hidr\u00e1ulicos e agroindustriais, maquinarias agr\u00e1rias, infra-estruturas e\u00a0<\/span><span style=\"font-style: inherit; font-weight: inherit;\">meio ambiente.<\/span><\/p><p>\u2022 Contribuir no treinamento de estudantes em t\u00e9cnicas de constru\u00e7\u00e3o sustent\u00e1vel de infra estruturas;\u00a0<\/p><p>\u00a0\u2022 Preparar os estudantes em mat\u00e9rias de mecaniza\u00e7\u00e3o agr\u00e1ria, explora\u00e7\u00e3o de solos e \u00e1gua;\u00a0<\/p><p>\u00a0\u2022 Capacitar estudantes no uso de tecnologias inovadoras para aumentar a produtividade agr\u00e1ria;<\/p><p>\u00a0\u2022 Contribuir para o uso sustent\u00e1vel dos recursos naturais nos processos de produ\u00e7\u00e3o agr\u00e1ria;<\/p>\t\t\t\t\t\t\t\t<\/div>\n\t\t\t\t<\/div>\n\t\t\t\t\t<\/div>\n\t\t\t\t<\/div>\n\t\t<div class=\"elementor-element elementor-element-6f7826d e-flex e-con-boxed e-con e-parent\" data-id=\"6f7826d\" data-element_type=\"container\">\n\t\t\t\t\t<div class=\"e-con-inner\">\n\t\t\t\t<div class=\"elementor-element elementor-element-92e280e elementor-widget elementor-widget-heading\" data-id=\"92e280e\" data-element_type=\"widget\" data-widget_type=\"heading.default\">\n\t\t\t\t<div class=\"elementor-widget-container\">\n\t\t\t\t\t<h2 class=\"elementor-heading-title elementor-size-default\"><b>Perfil do Graduado<\/b><\/h2>\t\t\t\t<\/div>\n\t\t\t\t<\/div>\n\t\t\t\t\t<\/div>\n\t\t\t\t<\/div>\n\t\t<div class=\"elementor-element elementor-element-172faf1 e-flex e-con-boxed e-con e-parent\" data-id=\"172faf1\" data-element_type=\"container\">\n\t\t\t\t\t<div class=\"e-con-inner\">\n\t\t\t\t<div class=\"elementor-element elementor-element-7e85a88 elementor-widget elementor-widget-text-editor\" data-id=\"7e85a88\" data-element_type=\"widget\" data-widget_type=\"text-editor.default\">\n\t\t\t\t<div class=\"elementor-widget-container\">\n\t\t\t\t\t\t\t\t\t<p>O graduado do Curso&nbsp; de Liceciatura em Engenharia Rural poder\u00e1 exercer a sua profiss\u00e3o em institui\u00e7\u00f5es p\u00fablicas e privadas, tai&nbsp;<span style=\"font-style: inherit; font-weight: inherit;\">como: empresas de consultoria e assist\u00eancia t\u00e9cnica agr\u00e1ria; organiza\u00e7\u00f5es de fomento do&nbsp;<\/span><span style=\"font-style: inherit; font-weight: inherit;\">desenvolvimento agr\u00e1rio; centros de pesquisas, ensino e extens\u00e3o; bem como empresas ligadas ao&nbsp;<\/span><span style=\"font-style: inherit; font-weight: inherit;\">aproveitamento de energias renov\u00e1veis.<\/span><\/p>\t\t\t\t\t\t\t\t<\/div>\n\t\t\t\t<\/div>\n\t\t\t\t\t<\/div>\n\t\t\t\t<\/div>\n\t\t<div class=\"elementor-element elementor-element-13b6805 e-flex e-con-boxed e-con e-parent\" data-id=\"13b6805\" data-element_type=\"container\">\n\t\t\t\t\t<div class=\"e-con-inner\">\n\t\t\t\t<div class=\"elementor-element elementor-element-c8b877b elementor-widget elementor-widget-heading\" data-id=\"c8b877b\" data-element_type=\"widget\" data-widget_type=\"heading.default\">\n\t\t\t\t<div class=\"elementor-widget-container\">\n\t\t\t\t\t<h2 class=\"elementor-heading-title elementor-size-default\"><b>Perfil Profissional do Graduado<\/b><\/h2>\t\t\t\t<\/div>\n\t\t\t\t<\/div>\n\t\t\t\t\t<\/div>\n\t\t\t\t<\/div>\n\t\t<div class=\"elementor-element elementor-element-bbc65df e-flex e-con-boxed e-con e-parent\" data-id=\"bbc65df\" data-element_type=\"container\">\n\t\t\t\t\t<div class=\"e-con-inner\">\n\t\t\t\t<div class=\"elementor-element elementor-element-9ed7b21 elementor-widget elementor-widget-text-editor\" data-id=\"9ed7b21\" data-element_type=\"widget\" data-widget_type=\"text-editor.default\">\n\t\t\t\t<div class=\"elementor-widget-container\">\n\t\t\t\t\t\t\t\t\t<p>Na \u00e1rea do<b> sabe<\/b>r, o graduado deve:<\/p><p><br><\/p>\n<p>\u2022 Identificar materiais de constru\u00e7\u00e3o localmente dispon\u00edveis para a implanta\u00e7\u00e3o de infra&nbsp;<span style=\"font-style: inherit; font-weight: inherit;\">estruturas;<\/span><\/p>\n<p><span style=\"font-style: inherit; font-weight: inherit;\">\u2022 Compreender tecnologias de explora\u00e7\u00e3o de solos, mecaniza\u00e7\u00e3o agr\u00e1ria e uso de \u00e1gua;<\/span><\/p>\n<p>\u2022 Racionalizar o uso dos recursos naturais, humanos, materiais e financeiros no&nbsp;<span style=\"font-style: inherit; font-weight: inherit;\">desenvolvimento rural;<\/span><\/p>\n<p>\u2022 Distinguir os riscos e perigos do uso dos recursos naturais em projectos de produ\u00e7\u00e3o agr\u00e1ria.&nbsp;<\/p>\n<p><br><\/p>\n<p>Na \u00e1rea de <b>Saber Fazer<\/b>, o graduado deve:<span style=\"font-style: inherit; font-weight: inherit;\">&nbsp;<\/span><\/p><p><span style=\"font-style: inherit; font-weight: inherit;\"><br><\/span><\/p>\n<p>\u2022 Dimensionar infraestruturas, tornando-as resilientes; <br>\u2022 Fazer a manuten\u00e7\u00e3o de sistema de rega e drenagem para produ\u00e7\u00e3o agr\u00edcola; <br>\u2022 Manusear equipamento e maquinaria de produ\u00e7\u00e3o agr\u00e1ria; <br>\u2022 Desenvolver tecnologias para resolu\u00e7\u00e3o de problemas do sector agr\u00e1rio; <br>\u2022 Planear o ordenamento territorial para uso sustent\u00e1vel de solos e \u00e1gua.<span style=\"font-style: inherit; font-weight: inherit;\">&nbsp;<\/span><\/p>\n<p><span style=\"font-style: inherit; font-weight: inherit;\"><br><\/span><\/p>\n<p>Na \u00e1rea do <b>Saber Ser<\/b>, o graduado deve:<span style=\"font-style: inherit; font-weight: inherit;\">&nbsp;<\/span><\/p><p><span style=\"font-style: inherit; font-weight: inherit;\"><br><\/span><\/p>\n<p>\u2022 Ter esp\u00edrito inovador e empreendedor; <br>\u2022 Raciocinar de forma l\u00f3gica e apresentar argumentos bem fundamentados; <br>\u2022 Aceitar a mudan\u00e7a no seu local de trabalho e na sociedade em geral, tomando iniciativas e assumindo responsabilidades pelas suas op\u00e7\u00f5es; <br>\u2022 Trabalhar dentro dos princ\u00edpios \u00e9ticos aprovados para profissionais das Engenharias; <br>\u2022 Trabalhar em equipa e em tarefas multidisciplinares.<\/p>\t\t\t\t\t\t\t\t<\/div>\n\t\t\t\t<\/div>\n\t\t\t\t\t<\/div>\n\t\t\t\t<\/div>\n\t\t<div class=\"elementor-element elementor-element-ec1aeab e-flex e-con-boxed e-con e-parent\" data-id=\"ec1aeab\" data-element_type=\"container\">\n\t\t\t\t\t<div class=\"e-con-inner\">\n\t\t\t\t<div class=\"elementor-element elementor-element-6010850 elementor-widget elementor-widget-heading\" data-id=\"6010850\" data-element_type=\"widget\" data-widget_type=\"heading.default\">\n\t\t\t\t<div class=\"elementor-widget-container\">\n\t\t\t\t\t<h2 class=\"elementor-heading-title elementor-size-default\"><b>Dura\u00e7\u00e3o do curso<\/b><\/h2>\t\t\t\t<\/div>\n\t\t\t\t<\/div>\n\t\t\t\t\t<\/div>\n\t\t\t\t<\/div>\n\t\t<div class=\"elementor-element elementor-element-bd3ad5d e-flex e-con-boxed e-con e-parent\" data-id=\"bd3ad5d\" data-element_type=\"container\">\n\t\t\t\t\t<div class=\"e-con-inner\">\n\t\t\t\t<div class=\"elementor-element elementor-element-4b7dac2 elementor-widget elementor-widget-text-editor\" data-id=\"4b7dac2\" data-element_type=\"widget\" data-widget_type=\"text-editor.default\">\n\t\t\t\t<div class=\"elementor-widget-container\">\n\t\t\t\t\t\t\t\t\t<p>5 anos<\/p>\t\t\t\t\t\t\t\t<\/div>\n\t\t\t\t<\/div>\n\t\t\t\t\t<\/div>\n\t\t\t\t<\/div>\n\t\t\t\t<\/div>\n\t\t","protected":false},"excerpt":{"rendered":"<p>Licenciatura em Engenharia Rural O Curso de Licenciatura em Engeharia Civil tem como ponto forte, entre outros, a habilita\u00e7\u00e3o do [&hellip;]<\/p>\n","protected":false},"author":6,"featured_media":0,"parent":0,"menu_order":0,"comment_status":"closed","ping_status":"closed","template":"","meta":{"site-sidebar-layout":"no-sidebar","site-content-layout":"","ast-site-content-layout":"full-width-container","site-content-style":"default","site-sidebar-style":"default","ast-global-header-display":"","ast-banner-title-visibility":"","ast-main-header-display":"","ast-hfb-above-header-display":"","ast-hfb-below-header-display":"","ast-hfb-mobile-header-display":"","site-post-title":"disabled","ast-breadcrumbs-content":"","ast-featured-img":"disabled","footer-sml-layout":"","theme-transparent-header-meta":"","adv-header-id-meta":"","stick-header-meta":"","header-above-stick-meta":"","header-main-stick-meta":"","header-below-stick-meta":"","astra-migrate-meta-layouts":"default","ast-page-background-enabled":"default","ast-page-background-meta":{"desktop":{"background-color":"var(--ast-global-color-4)","background-image":"","background-repeat":"repeat","background-position":"center center","background-size":"auto","background-attachment":"scroll","background-type":"","background-media":"","overlay-type":"","overlay-color":"","overlay-opacity":"","overlay-gradient":""},"tablet":{"background-color":"","background-image":"","background-repeat":"repeat","background-position":"center center","background-size":"auto","background-attachment":"scroll","background-type":"","background-media":"","overlay-type":"","overlay-color":"","overlay-opacity":"","overlay-gradient":""},"mobile":{"background-color":"","background-image":"","background-repeat":"repeat","background-position":"center center","background-size":"auto","background-attachment":"scroll","background-type":"","background-media":"","overlay-type":"","overlay-color":"","overlay-opacity":"","overlay-gradient":""}},"ast-content-background-meta":{"desktop":{"background-color":"var(--ast-global-color-5)","background-image":"","background-repeat":"repeat","background-position":"center center","background-size":"auto","background-attachment":"scroll","background-type":"","background-media":"","overlay-type":"","overlay-color":"","overlay-opacity":"","overlay-gradient":""},"tablet":{"background-color":"var(--ast-global-color-5)","background-image":"","background-repeat":"repeat","background-position":"center center","background-size":"auto","background-attachment":"scroll","background-type":"","background-media":"","overlay-type":"","overlay-color":"","overlay-opacity":"","overlay-gradient":""},"mobile":{"background-color":"var(--ast-global-color-5)","background-image":"","background-repeat":"repeat","background-position":"center center","background-size":"auto","background-attachment":"scroll","background-type":"","background-media":"","overlay-type":"","overlay-color":"","overlay-opacity":"","overlay-gradient":""}},"footnotes":""},"class_list":["post-807","page","type-page","status-publish","hentry"],"_links":{"self":[{"href":"https:\/\/esuder.uem.mz\/index.php\/wp-json\/wp\/v2\/pages\/807","targetHints":{"allow":["GET"]}}],"collection":[{"href":"https:\/\/esuder.uem.mz\/index.php\/wp-json\/wp\/v2\/pages"}],"about":[{"href":"https:\/\/esuder.uem.mz\/index.php\/wp-json\/wp\/v2\/types\/page"}],"author":[{"embeddable":true,"href":"https:\/\/esuder.uem.mz\/index.php\/wp-json\/wp\/v2\/users\/6"}],"replies":[{"embeddable":true,"href":"https:\/\/esuder.uem.mz\/index.php\/wp-json\/wp\/v2\/comments?post=807"}],"version-history":[{"count":13,"href":"https:\/\/esuder.uem.mz\/index.php\/wp-json\/wp\/v2\/pages\/807\/revisions"}],"predecessor-version":[{"id":1436,"href":"https:\/\/esuder.uem.mz\/index.php\/wp-json\/wp\/v2\/pages\/807\/revisions\/1436"}],"wp:attachment":[{"href":"https:\/\/esuder.uem.mz\/index.php\/wp-json\/wp\/v2\/media?parent=807"}],"curies":[{"name":"wp","href":"https:\/\/api.w.org\/{rel}","templated":true}]}}